{"id":3486,"date":"2021-11-22T16:52:46","date_gmt":"2021-11-22T15:52:46","guid":{"rendered":"https:\/\/dev.atriographics.es\/services\/"},"modified":"2025-07-08T10:15:20","modified_gmt":"2025-07-08T08:15:20","slug":"services","status":"publish","type":"page","link":"https:\/\/atriographics.es\/fr\/services\/","title":{"rendered":"Services"},"content":{"rendered":"<section class=\"l-section wpb_row height_medium\"><div class=\"l-section-h i-cf\"><div class=\"g-cols vc_row via_flex valign_top type_default stacking_default\"><div class=\"vc_col-sm-12 wpb_column vc_column_container\"><div class=\"vc_column-inner\"><div class=\"wpb_wrapper\"><h1 class=\"w-text us_custom_df3b3b1a\"><span class=\"w-text-h\"><span class=\"w-text-value\">Service de design d&#039;int\u00e9rieur<\/span><\/span><\/h1><div class=\"w-separator size_small\"><\/div><div class=\"wpb_text_column us_custom_df3b3b1a\"><div class=\"wpb_wrapper\"><p>Liste de vid\u00e9os de d\u00e9monstration qui montrent des exemples de conceptions cr\u00e9\u00e9es avec ATRIO GRAPHICS.<\/p>\n<\/div><\/div><\/div><\/div><\/div><\/div><\/div><\/section><section class=\"l-section wpb_row height_medium\"><div class=\"l-section-h i-cf\"><div class=\"g-cols vc_row via_flex valign_middle type_default stacking_default\"><div class=\"vc_col-sm-12 vc_col-lg-2\/5 vc_col-md-2\/5 wpb_column vc_column_container\"><div class=\"vc_column-inner\"><div class=\"wpb_wrapper\"><div class=\"w-text us_custom_799c2bf6 has_text_color\"><span class=\"w-text-h\"><span class=\"w-text-value\">Vid\u00e9o de d\u00e9monstration 1<\/span><\/span><\/div><h2 class=\"w-text\"><span class=\"w-text-h\"><span class=\"w-text-value\">Conception de chambre de jeunesse (Rodrigo Industries)<\/span><\/span><\/h2><div class=\"w-separator size_small\"><\/div><div class=\"wpb_text_column\"><div class=\"wpb_wrapper\"><p>Am\u00e9nagement d&rsquo;une chambre d&rsquo;adolescent avec une armoire d&rsquo;angle compos\u00e9e de deux \u00e9l\u00e9ments, une armoire compacte \u00e0 trois tiroirs et un tiroir coulissant, et un plan de travail surmontant une commode. L&rsquo;am\u00e9nagement est pr\u00e9sent\u00e9 avec un couloir attenant. D\u00e9coration et budget suppl\u00e9mentaires inclus.<\/p>\n<\/div><\/div><div class=\"w-separator size_small\"><\/div><div class=\"w-btn-wrapper default_align_none laptops_align_none tablets_align_none mobiles_align_center\"><a class=\"w-btn us-btn-style_1 us_custom_14373e58 icon_atright\" target=\"_blank\" href=\"https:\/\/www.youtube.com\/watch?v=kRiZjb_xqmg\"><span class=\"w-btn-label\">Regardez la vid\u00e9o compl\u00e8te<\/span><i class=\"fab fa-youtube\"><\/i><\/a><\/div><\/div><\/div><\/div><div class=\"vc_col-sm-12 vc_col-lg-3\/5 vc_col-md-3\/5 wpb_column vc_column_container\"><div class=\"vc_column-inner\"><div class=\"wpb_wrapper\"><div class=\"w-video us_custom_fca8cc99 align_none ratio_16x9 has_border_radius\"><div class=\"w-video-h\"><video  preload=\"metadata\" playsinline autoplay loop muted><source type=\"video\/mp4\" src=\"\/wp-content\/uploads\/2025\/06\/VideoDemostrativo1.mp4\" \/><\/video><\/div><\/div><\/div><\/div><\/div><\/div><\/div><\/section><section class=\"l-section wpb_row height_auto\"><div class=\"l-section-h i-cf\"><div class=\"g-cols vc_row via_flex valign_middle type_default reversed stacking_default\"><div class=\"vc_col-sm-12 vc_col-lg-3\/5 vc_col-md-3\/5 vc_hidden-sm wpb_column vc_column_container\"><div class=\"vc_column-inner\"><div class=\"wpb_wrapper\"><div class=\"w-video us_custom_fca8cc99 align_none ratio_16x9 has_border_radius\"><div class=\"w-video-h\"><video  preload=\"metadata\" playsinline autoplay loop muted><source type=\"video\/mp4\" src=\"\/wp-content\/uploads\/2025\/06\/VideoDemostrativo2.mp4\" \/><\/video><\/div><\/div><\/div><\/div><\/div><div class=\"vc_col-sm-12 vc_col-lg-2\/5 vc_col-md-2\/5 wpb_column vc_column_container\"><div class=\"vc_column-inner\"><div class=\"wpb_wrapper\"><div class=\"w-text us_custom_799c2bf6 has_text_color\"><span class=\"w-text-h\"><span class=\"w-text-value\">Vid\u00e9o de d\u00e9monstration 2<\/span><\/span><\/div><h2 class=\"w-text\"><span class=\"w-text-h\"><span class=\"w-text-value\">Conception de la chambre principale (Kiare)<\/span><\/span><\/h2><div class=\"w-separator size_small\"><\/div><div class=\"wpb_text_column\"><div class=\"wpb_wrapper\"><p>Am\u00e9nagement d&rsquo;une chambre parentale sans placard, avec deux tables de chevet asym\u00e9triques, des \u00e9tag\u00e8res et une commode double sur pieds. Une commode et un miroir sont \u00e9galement inclus dans la pi\u00e8ce attenante. D\u00e9coration et budget inclus.<\/p>\n<\/div><\/div><div class=\"w-separator size_small\"><\/div><div class=\"w-btn-wrapper default_align_none laptops_align_none tablets_align_none mobiles_align_center\"><a class=\"w-btn us-btn-style_1 us_custom_14373e58 icon_atright\" target=\"_blank\" href=\"https:\/\/www.youtube.com\/watch?v=fPuAqz_snN0\"><span class=\"w-btn-label\">Regardez la vid\u00e9o compl\u00e8te<\/span><i class=\"fab fa-youtube\"><\/i><\/a><\/div><div class=\"w-video us_custom_ca6fefed hide_on_default hide_on_laptops hide_on_mobiles align_none ratio_16x9 has_border_radius\"><div class=\"w-video-h\"><video  preload=\"metadata\" playsinline autoplay loop muted><source type=\"video\/mp4\" src=\"\/wp-content\/uploads\/2025\/06\/VideoDemostrativo2.mp4\" \/><\/video><\/div><\/div><\/div><\/div><\/div><\/div><\/div><\/section><section class=\"l-section wpb_row height_medium\"><div class=\"l-section-h i-cf\"><div class=\"g-cols vc_row via_flex valign_middle type_default stacking_default\"><div class=\"vc_col-sm-12 vc_col-lg-2\/5 vc_col-md-2\/5 wpb_column vc_column_container\"><div class=\"vc_column-inner\"><div class=\"wpb_wrapper\"><div class=\"w-text us_custom_799c2bf6 has_text_color\"><span class=\"w-text-h\"><span class=\"w-text-value\">Vid\u00e9o de d\u00e9monstration 3<\/span><\/span><\/div><h2 class=\"w-text\"><span class=\"w-text-h\"><span class=\"w-text-value\">Conception de salon (Kiare)<\/span><\/span><\/h2><div class=\"w-separator size_small\"><\/div><div class=\"wpb_text_column\"><div class=\"wpb_wrapper\"><p>Cr\u00e9ation d&rsquo;un salon complet comprenant un meuble TV et un buffet, une table basse triple \u00e0 trois niveaux, une biblioth\u00e8que et une table ronde avec chaises. Un couloir avec miroir dans l&rsquo;entr\u00e9e est \u00e9galement inclus, ainsi que la d\u00e9coration et un budget.<\/p>\n<\/div><\/div><div class=\"w-separator size_small\"><\/div><div class=\"w-btn-wrapper default_align_none laptops_align_none tablets_align_none mobiles_align_center\"><a class=\"w-btn us-btn-style_1 us_custom_14373e58 icon_atright\" target=\"_blank\" href=\"https:\/\/www.youtube.com\/watch?v=6we6hS2nocI\"><span class=\"w-btn-label\">Regardez la vid\u00e9o compl\u00e8te<\/span><i class=\"fab fa-youtube\"><\/i><\/a><\/div><\/div><\/div><\/div><div class=\"vc_col-sm-12 vc_col-lg-3\/5 vc_col-md-3\/5 wpb_column vc_column_container\"><div class=\"vc_column-inner\"><div class=\"wpb_wrapper\"><div class=\"w-video us_custom_fca8cc99 align_none ratio_16x9 has_border_radius\"><div class=\"w-video-h\"><video  preload=\"metadata\" playsinline autoplay loop muted><source type=\"video\/mp4\" src=\"\/wp-content\/uploads\/2025\/06\/VideoDemostrativo3.mp4\" \/><\/video><\/div><\/div><\/div><\/div><\/div><\/div><\/div><\/section><section class=\"l-section wpb_row height_auto\"><div class=\"l-section-h i-cf\"><div class=\"g-cols vc_row via_flex valign_middle type_default reversed stacking_default\"><div class=\"vc_col-sm-12 vc_col-lg-3\/5 vc_col-md-3\/5 vc_hidden-sm wpb_column vc_column_container\"><div class=\"vc_column-inner\"><div class=\"wpb_wrapper\"><div class=\"w-video us_custom_fca8cc99 align_none ratio_16x9 has_border_radius\"><div class=\"w-video-h\"><video  preload=\"metadata\" playsinline autoplay loop muted><source type=\"video\/mp4\" src=\"\/wp-content\/uploads\/2025\/06\/VideoDemostrativo4.mp4\" \/><\/video><\/div><\/div><\/div><\/div><\/div><div class=\"vc_col-sm-12 vc_col-lg-2\/5 vc_col-md-2\/5 wpb_column vc_column_container\"><div class=\"vc_column-inner\"><div class=\"wpb_wrapper\"><div class=\"w-text us_custom_799c2bf6 has_text_color\"><span class=\"w-text-h\"><span class=\"w-text-value\">Vid\u00e9o de d\u00e9monstration 4<\/span><\/span><\/div><h2 class=\"w-text\"><span class=\"w-text-h\"><span class=\"w-text-value\">Conception de salon (Franco Furniture)<\/span><\/span><\/h2><div class=\"w-separator size_small\"><\/div><div class=\"wpb_text_column\"><div class=\"wpb_wrapper\"><p>Am\u00e9nagement d&rsquo;un salon avec tables en verre et meubles brillants. Il est accompagn\u00e9 d&rsquo;un hall d&rsquo;entr\u00e9e attenant avec fauteuil et console. D\u00e9coration et budget suppl\u00e9mentaires inclus.<\/p>\n<\/div><\/div><div class=\"w-separator size_small\"><\/div><div class=\"w-btn-wrapper default_align_none laptops_align_none tablets_align_none mobiles_align_center\"><a class=\"w-btn us-btn-style_1 us_custom_14373e58 icon_atright\" target=\"_blank\" href=\"https:\/\/www.youtube.com\/watch?v=wWaRMYrkgJs\"><span class=\"w-btn-label\">Regardez la vid\u00e9o compl\u00e8te<\/span><i class=\"fab fa-youtube\"><\/i><\/a><\/div><div class=\"w-video us_custom_ca6fefed hide_on_default hide_on_laptops hide_on_mobiles align_none ratio_16x9 has_border_radius\"><div class=\"w-video-h\"><video  preload=\"metadata\" playsinline autoplay loop muted><source type=\"video\/mp4\" src=\"\/wp-content\/uploads\/2025\/06\/VideoDemostrativo4.mp4\" \/><\/video><\/div><\/div><\/div><\/div><\/div><\/div><\/div><\/section><section class=\"l-section wpb_row height_medium\"><div class=\"l-section-h i-cf\"><div class=\"g-cols vc_row via_flex valign_middle type_default stacking_default\"><div class=\"vc_col-sm-12 vc_col-lg-2\/5 vc_col-md-2\/5 wpb_column vc_column_container\"><div class=\"vc_column-inner\"><div class=\"wpb_wrapper\"><div class=\"w-text us_custom_799c2bf6 has_text_color\"><span class=\"w-text-h\"><span class=\"w-text-value\">Vid\u00e9o de d\u00e9monstration 5<\/span><\/span><\/div><h2 class=\"w-text\"><span class=\"w-text-h\"><span class=\"w-text-value\">Conception de la chambre principale (Groupe Seys)<\/span><\/span><\/h2><div class=\"w-separator size_small\"><\/div><div class=\"wpb_text_column\"><div class=\"wpb_wrapper\"><p>Conception d&rsquo;une chambre principale de style colonial avec banquette et fauteuil rembourr\u00e9s. Elle est pr\u00e9sent\u00e9e avec un couloir attenant meubl\u00e9. D\u00e9coration et budget suppl\u00e9mentaires inclus.<\/p>\n<\/div><\/div><div class=\"w-separator size_small\"><\/div><div class=\"w-btn-wrapper default_align_none laptops_align_none tablets_align_none mobiles_align_center\"><a class=\"w-btn us-btn-style_1 us_custom_14373e58 icon_atright\" target=\"_blank\" href=\"https:\/\/www.youtube.com\/watch?v=OZ1MMK1pYII\"><span class=\"w-btn-label\">Regardez la vid\u00e9o compl\u00e8te<\/span><i class=\"fab fa-youtube\"><\/i><\/a><\/div><\/div><\/div><\/div><div class=\"vc_col-sm-12 vc_col-lg-3\/5 vc_col-md-3\/5 wpb_column vc_column_container\"><div class=\"vc_column-inner\"><div class=\"wpb_wrapper\"><div class=\"w-video us_custom_fca8cc99 align_none ratio_16x9 has_border_radius\"><div class=\"w-video-h\"><video  preload=\"metadata\" playsinline autoplay loop muted><source type=\"video\/mp4\" src=\"\/wp-content\/uploads\/2025\/06\/VideoDemostrativo5.mp4\" \/><\/video><\/div><\/div><\/div><\/div><\/div><\/div><\/div><\/section><section class=\"l-section wpb_row height_auto\"><div class=\"l-section-h i-cf\"><div class=\"g-cols vc_row via_flex valign_middle type_default reversed stacking_default\"><div class=\"vc_col-sm-12 vc_col-lg-3\/5 vc_col-md-3\/5 vc_hidden-sm wpb_column vc_column_container\"><div class=\"vc_column-inner\"><div class=\"wpb_wrapper\"><div class=\"w-video us_custom_fca8cc99 align_none ratio_16x9 has_border_radius\"><div class=\"w-video-h\"><video  preload=\"metadata\" playsinline autoplay loop muted><source type=\"video\/mp4\" src=\"\/wp-content\/uploads\/2025\/06\/VideoDemostrativo6.mp4\" \/><\/video><\/div><\/div><\/div><\/div><\/div><div class=\"vc_col-sm-12 vc_col-lg-2\/5 vc_col-md-2\/5 wpb_column vc_column_container\"><div class=\"vc_column-inner\"><div class=\"wpb_wrapper\"><div class=\"w-text us_custom_799c2bf6 has_text_color\"><span class=\"w-text-h\"><span class=\"w-text-value\">Vid\u00e9o de d\u00e9monstration 6<\/span><\/span><\/div><h2 class=\"w-text\"><span class=\"w-text-h\"><span class=\"w-text-value\">Conception de chambre d&#039;adolescent (Montes Design)<\/span><\/span><\/h2><div class=\"w-separator size_small\"><\/div><div class=\"wpb_text_column\"><div class=\"wpb_wrapper\"><p>Am\u00e9nagement d&rsquo;une chambre d&rsquo;adolescent avec une armoire d&rsquo;angle deux pi\u00e8ces, une armoire compacte \u00e0 quatre tiroirs et un lit gigogne, ainsi qu&rsquo;un plan de travail au-dessus d&rsquo;une commode. L&rsquo;am\u00e9nagement est pr\u00e9sent\u00e9 avec un couloir attenant. D\u00e9coration et budget suppl\u00e9mentaires inclus.<\/p>\n<\/div><\/div><div class=\"w-separator size_small\"><\/div><div class=\"w-btn-wrapper default_align_none laptops_align_none tablets_align_none mobiles_align_center\"><a class=\"w-btn us-btn-style_1 us_custom_14373e58 icon_atright\" target=\"_blank\" href=\"https:\/\/www.youtube.com\/watch?v=-C3tZZVAbY8\"><span class=\"w-btn-label\">Regardez la vid\u00e9o compl\u00e8te<\/span><i class=\"fab fa-youtube\"><\/i><\/a><\/div><div class=\"w-video us_custom_ca6fefed hide_on_default hide_on_laptops hide_on_mobiles align_none ratio_16x9 has_border_radius\"><div class=\"w-video-h\"><video  preload=\"metadata\" playsinline autoplay loop muted><source type=\"video\/mp4\" src=\"\/wp-content\/uploads\/2025\/06\/VideoDemostrativo6.mp4\" \/><\/video><\/div><\/div><\/div><\/div><\/div><\/div><\/div><\/section><section class=\"l-section wpb_row height_medium\"><div class=\"l-section-h i-cf\"><div class=\"g-cols vc_row via_flex valign_top type_default stacking_default\"><div class=\"vc_col-sm-12 wpb_column vc_column_container\"><div class=\"vc_column-inner\"><div class=\"wpb_wrapper\"><div class=\"g-cols wpb_row us_custom_70fa8e0f via_flex valign_top type_default stacking_default\"><div class=\"vc_col-sm-12 wpb_column vc_column_container\"><div class=\"vc_column-inner\"><div class=\"wpb_wrapper\"><h2 class=\"w-text\"><span class=\"w-text-h\"><span class=\"w-text-value\">Dossier d&#039;information<\/span><\/span><\/h2><div class=\"w-separator size_small\"><\/div><div class=\"wpb_text_column\"><div class=\"wpb_wrapper\"><p>D\u00e9couvrez qui nous sommes, ce que nous faisons et comment nous pouvons vous aider \u00e0 transformer vos id\u00e9es en projets visuels percutants. T\u00e9l\u00e9chargez notre brochure d&rsquo;information et d\u00e9couvrez nos services, notre approche cr\u00e9ative et nos r\u00e9ussites.<\/p>\n<\/div><\/div><div class=\"w-separator size_medium\"><\/div><div class=\"w-btn-wrapper default_align_none laptops_align_none tablets_align_none mobiles_align_center\"><a class=\"w-btn us-btn-style_1 us_custom_14373e58 icon_atright\" target=\"_blank\" href=\"\/wp-content\/uploads\/2025\/06\/INFO-ATRIO-GRAPHICS.pdf\"><span class=\"w-btn-label\">T\u00e9l\u00e9charger le dossier<\/span><i class=\"fas fa-download\"><\/i><\/a><\/div><\/div><\/div><\/div><\/div><\/div><\/div><\/div><\/div><\/div><\/section>\n","protected":false},"excerpt":{"rendered":"Service de design d&#039;int\u00e9rieurListe de vid\u00e9os de d\u00e9monstration qui montrent des exemples de conceptions cr\u00e9\u00e9es avec ATRIO GRAPHICS. Vid\u00e9o de d\u00e9monstration 1Conception de chambre de jeunesse (Rodrigo Industries)Am\u00e9nagement d&rsquo;une chambre d&rsquo;adolescent avec une armoire d&rsquo;angle compos\u00e9e de deux \u00e9l\u00e9ments, une armoire compacte \u00e0 trois tiroirs et un tiroir coulissant, et un plan de travail surmontant...","protected":false},"author":1,"featured_media":0,"parent":0,"menu_order":0,"comment_status":"closed","ping_status":"closed","template":"","meta":{"footnotes":""},"class_list":["post-3486","page","type-page","status-publish","hentry"],"yoast_head":"<!-- This site is optimized with the Yoast SEO plugin v27.4 - https:\/\/yoast.com\/product\/yoast-seo-wordpress\/ -->\n<title>Services | Atrio Graphics<\/title>\n<meta name=\"robots\" content=\"index, follow, max-snippet:-1, max-image-preview:large, max-video-preview:-1\" \/>\n<link rel=\"canonical\" href=\"https:\/\/atriographics.es\/fr\/services\/\" \/>\n<meta property=\"og:locale\" content=\"fr_FR\" \/>\n<meta property=\"og:type\" content=\"article\" \/>\n<meta property=\"og:title\" content=\"Services | Atrio Graphics\" \/>\n<meta property=\"og:url\" content=\"https:\/\/atriographics.es\/fr\/services\/\" \/>\n<meta property=\"og:site_name\" content=\"Atrio Graphics\" \/>\n<meta property=\"article:modified_time\" content=\"2025-07-08T08:15:20+00:00\" \/>\n<meta name=\"twitter:card\" content=\"summary_large_image\" \/>\n<meta name=\"twitter:label1\" content=\"Dur\u00e9e de lecture estim\u00e9e\" \/>\n\t<meta name=\"twitter:data1\" content=\"10 minutes\" \/>\n<script type=\"application\/ld+json\" class=\"yoast-schema-graph\">{\"@context\":\"https:\\\/\\\/schema.org\",\"@graph\":[{\"@type\":\"WebPage\",\"@id\":\"https:\\\/\\\/atriographics.es\\\/fr\\\/services\\\/\",\"url\":\"https:\\\/\\\/atriographics.es\\\/fr\\\/services\\\/\",\"name\":\"Services | Atrio Graphics\",\"isPartOf\":{\"@id\":\"https:\\\/\\\/atriographics.es\\\/#website\"},\"datePublished\":\"2021-11-22T15:52:46+00:00\",\"dateModified\":\"2025-07-08T08:15:20+00:00\",\"breadcrumb\":{\"@id\":\"https:\\\/\\\/atriographics.es\\\/fr\\\/services\\\/#breadcrumb\"},\"inLanguage\":\"fr-FR\",\"potentialAction\":[{\"@type\":\"ReadAction\",\"target\":[\"https:\\\/\\\/atriographics.es\\\/fr\\\/services\\\/\"]}]},{\"@type\":\"BreadcrumbList\",\"@id\":\"https:\\\/\\\/atriographics.es\\\/fr\\\/services\\\/#breadcrumb\",\"itemListElement\":[{\"@type\":\"ListItem\",\"position\":1,\"name\":\"Inicio\",\"item\":\"https:\\\/\\\/atriographics.es\\\/fr\\\/\"},{\"@type\":\"ListItem\",\"position\":2,\"name\":\"Services\"}]},{\"@type\":\"WebSite\",\"@id\":\"https:\\\/\\\/atriographics.es\\\/#website\",\"url\":\"https:\\\/\\\/atriographics.es\\\/\",\"name\":\"Atrio Graphics\",\"description\":\"Dise\u00f1o de espacios en la nube.\",\"publisher\":{\"@id\":\"https:\\\/\\\/atriographics.es\\\/#organization\"},\"potentialAction\":[{\"@type\":\"SearchAction\",\"target\":{\"@type\":\"EntryPoint\",\"urlTemplate\":\"https:\\\/\\\/atriographics.es\\\/?s={search_term_string}\"},\"query-input\":{\"@type\":\"PropertyValueSpecification\",\"valueRequired\":true,\"valueName\":\"search_term_string\"}}],\"inLanguage\":\"fr-FR\"},{\"@type\":\"Organization\",\"@id\":\"https:\\\/\\\/atriographics.es\\\/#organization\",\"name\":\"Atrio Graphics\",\"url\":\"https:\\\/\\\/atriographics.es\\\/\",\"logo\":{\"@type\":\"ImageObject\",\"inLanguage\":\"fr-FR\",\"@id\":\"https:\\\/\\\/atriographics.es\\\/#\\\/schema\\\/logo\\\/image\\\/\",\"url\":\"https:\\\/\\\/dev.atriographics.es\\\/wp-content\\\/uploads\\\/2025\\\/06\\\/logo_Atriographics.svg\",\"contentUrl\":\"https:\\\/\\\/dev.atriographics.es\\\/wp-content\\\/uploads\\\/2025\\\/06\\\/logo_Atriographics.svg\",\"width\":\"1024\",\"height\":\"1024\",\"caption\":\"Atrio Graphics\"},\"image\":{\"@id\":\"https:\\\/\\\/atriographics.es\\\/#\\\/schema\\\/logo\\\/image\\\/\"}}]}<\/script>\n<!-- \/ Yoast SEO plugin. -->","yoast_head_json":{"title":"Services | Atrio Graphics","robots":{"index":"index","follow":"follow","max-snippet":"max-snippet:-1","max-image-preview":"max-image-preview:large","max-video-preview":"max-video-preview:-1"},"canonical":"https:\/\/atriographics.es\/fr\/services\/","og_locale":"fr_FR","og_type":"article","og_title":"Services | Atrio Graphics","og_url":"https:\/\/atriographics.es\/fr\/services\/","og_site_name":"Atrio Graphics","article_modified_time":"2025-07-08T08:15:20+00:00","twitter_card":"summary_large_image","twitter_misc":{"Dur\u00e9e de lecture estim\u00e9e":"10 minutes"},"schema":{"@context":"https:\/\/schema.org","@graph":[{"@type":"WebPage","@id":"https:\/\/atriographics.es\/fr\/services\/","url":"https:\/\/atriographics.es\/fr\/services\/","name":"Services | Atrio Graphics","isPartOf":{"@id":"https:\/\/atriographics.es\/#website"},"datePublished":"2021-11-22T15:52:46+00:00","dateModified":"2025-07-08T08:15:20+00:00","breadcrumb":{"@id":"https:\/\/atriographics.es\/fr\/services\/#breadcrumb"},"inLanguage":"fr-FR","potentialAction":[{"@type":"ReadAction","target":["https:\/\/atriographics.es\/fr\/services\/"]}]},{"@type":"BreadcrumbList","@id":"https:\/\/atriographics.es\/fr\/services\/#breadcrumb","itemListElement":[{"@type":"ListItem","position":1,"name":"Inicio","item":"https:\/\/atriographics.es\/fr\/"},{"@type":"ListItem","position":2,"name":"Services"}]},{"@type":"WebSite","@id":"https:\/\/atriographics.es\/#website","url":"https:\/\/atriographics.es\/","name":"Atrio Graphics","description":"Dise\u00f1o de espacios en la nube.","publisher":{"@id":"https:\/\/atriographics.es\/#organization"},"potentialAction":[{"@type":"SearchAction","target":{"@type":"EntryPoint","urlTemplate":"https:\/\/atriographics.es\/?s={search_term_string}"},"query-input":{"@type":"PropertyValueSpecification","valueRequired":true,"valueName":"search_term_string"}}],"inLanguage":"fr-FR"},{"@type":"Organization","@id":"https:\/\/atriographics.es\/#organization","name":"Atrio Graphics","url":"https:\/\/atriographics.es\/","logo":{"@type":"ImageObject","inLanguage":"fr-FR","@id":"https:\/\/atriographics.es\/#\/schema\/logo\/image\/","url":"https:\/\/dev.atriographics.es\/wp-content\/uploads\/2025\/06\/logo_Atriographics.svg","contentUrl":"https:\/\/dev.atriographics.es\/wp-content\/uploads\/2025\/06\/logo_Atriographics.svg","width":"1024","height":"1024","caption":"Atrio Graphics"},"image":{"@id":"https:\/\/atriographics.es\/#\/schema\/logo\/image\/"}}]}},"_links":{"self":[{"href":"https:\/\/atriographics.es\/fr\/wp-json\/wp\/v2\/pages\/3486","targetHints":{"allow":["GET"]}}],"collection":[{"href":"https:\/\/atriographics.es\/fr\/wp-json\/wp\/v2\/pages"}],"about":[{"href":"https:\/\/atriographics.es\/fr\/wp-json\/wp\/v2\/types\/page"}],"author":[{"embeddable":true,"href":"https:\/\/atriographics.es\/fr\/wp-json\/wp\/v2\/users\/1"}],"replies":[{"embeddable":true,"href":"https:\/\/atriographics.es\/fr\/wp-json\/wp\/v2\/comments?post=3486"}],"version-history":[{"count":2,"href":"https:\/\/atriographics.es\/fr\/wp-json\/wp\/v2\/pages\/3486\/revisions"}],"predecessor-version":[{"id":3488,"href":"https:\/\/atriographics.es\/fr\/wp-json\/wp\/v2\/pages\/3486\/revisions\/3488"}],"wp:attachment":[{"href":"https:\/\/atriographics.es\/fr\/wp-json\/wp\/v2\/media?parent=3486"}],"curies":[{"name":"wp","href":"https:\/\/api.w.org\/{rel}","templated":true}]}}